{"id":11271,"date":"2025-06-27T15:15:48","date_gmt":"2025-06-27T15:15:48","guid":{"rendered":"https:\/\/initiative-fuer-nachbarschaft-und-nachhaltigkeit.de\/?page_id=11271"},"modified":"2026-04-29T09:21:37","modified_gmt":"2026-04-29T09:21:37","slug":"termine","status":"publish","type":"page","link":"https:\/\/initiative-fuer-nachbarschaft-und-nachhaltigkeit.de\/?page_id=11271","title":{"rendered":"TERMINE"},"content":{"rendered":"\t\t<div data-elementor-type=\"wp-page\" data-elementor-id=\"11271\" class=\"elementor elementor-11271\">\n\t\t\t\t\t\t<section class=\"elementor-section elementor-top-section elementor-element elementor-element-5f20e485 elementor-section-height-min-height elementor-section-boxed elementor-section-height-default elementor-section-items-middle\" data-id=\"5f20e485\" data-element_type=\"section\" data-e-type=\"section\">\n\t\t\t\t\t\t<div class=\"elementor-container elementor-column-gap-default\">\n\t\t\t\t\t<div class=\"elementor-column elementor-col-100 elementor-top-column elementor-element elementor-element-13c70550\" data-id=\"13c70550\" data-element_type=\"column\" data-e-type=\"column\">\n\t\t\t<div class=\"elementor-widget-wrap\">\n\t\t\t\t\t\t\t<\/div>\n\t\t<\/div>\n\t\t\t\t\t<\/div>\n\t\t<\/section>\n\t\t\t\t<section class=\"elementor-section elementor-top-section elementor-element elementor-element-b7e3818 elementor-section-content-middle elementor-section-height-min-height elementor-section-boxed elementor-section-height-default elementor-section-items-middle\" data-id=\"b7e3818\" data-element_type=\"section\" data-e-type=\"section\">\n\t\t\t\t\t\t<div class=\"elementor-container elementor-column-gap-default\">\n\t\t\t\t\t<div class=\"elementor-column elementor-col-100 elementor-top-column elementor-element elementor-element-7d9ea7d\" data-id=\"7d9ea7d\" data-element_type=\"column\" data-e-type=\"column\" data-settings=\"{&quot;background_background&quot;:&quot;classic&quot;}\">\n\t\t\t<div class=\"elementor-widget-wrap elementor-element-populated\">\n\t\t\t\t\t\t<div class=\"elementor-element elementor-element-534f153 elementor-widget elementor-widget-heading\" data-id=\"534f153\" data-element_type=\"widget\" data-e-type=\"widget\" data-widget_type=\"heading.default\">\n\t\t\t\t<div class=\"elementor-widget-container\">\n\t\t\t\t\t<h1 class=\"elementor-heading-title elementor-size-small\">Regelm\u00e4\u00dfig offener FREIRAUM<\/h1>\t\t\t\t<\/div>\n\t\t\t\t<\/div>\n\t\t\t\t<section class=\"elementor-section elementor-inner-section elementor-element elementor-element-70b1199 elementor-section-boxed elementor-section-height-default elementor-section-height-default\" data-id=\"70b1199\" data-element_type=\"section\" data-e-type=\"section\">\n\t\t\t\t\t\t<div class=\"elementor-container elementor-column-gap-default\">\n\t\t\t\t\t<div class=\"elementor-column elementor-col-50 elementor-inner-column elementor-element elementor-element-80b3c8f\" data-id=\"80b3c8f\" data-element_type=\"column\" data-e-type=\"column\">\n\t\t\t<div class=\"elementor-widget-wrap elementor-element-populated\">\n\t\t\t\t\t\t<div class=\"elementor-element elementor-element-41edbcd elementor-widget elementor-widget-text-editor\" data-id=\"41edbcd\" data-element_type=\"widget\" data-e-type=\"widget\" data-widget_type=\"text-editor.default\">\n\t\t\t\t<div class=\"elementor-widget-container\">\n\t\t\t\t\t\t\t\t\t<ul><li><span style=\"color: #000000;\">montags von 10.30 bis 12 Uhr \/ nettes Zusammensein<\/span><\/li><li><span style=\"color: #000000;\">donnerstags von <\/span><span style=\"color: #000000;\">18 bis 21 Uhr \/ verschiedene Themen &#8211; siehe unten<\/span><\/li><li><span style=\"color: #000000;\">samstags von 10 bis 13 Uhr mit gemeinsamem Mitbring-Fr\u00fchst\u00fcck<\/span><\/li><\/ul><p><span style=\"font-style: inherit; font-weight: inherit; color: #000000; letter-spacing: 0px; background-color: var( --e-global-color-068f9c1 );\">Kommt herein zum netten Plausch und Kennenlernen bei Tee, Kaffee und Kaltgetr\u00e4nken. Bringt Freunde, Freundinnen, Nachbarinnen und Nachbarn mit.<br \/>Gern k\u00f6nnt ihr euch an unserem B\u00fccherregel mit aktuellen B\u00fcchern versorgen oder eure gelesenen dort weitergeben, vielleicht findet ihr etwas in unserer &#8222;Zu Verschenken-Kiste&#8220; oder habt Anliegen, die ihr gern besprechen wollt.<br \/><\/span><\/p><p><span style=\"font-style: inherit; font-weight: inherit; letter-spacing: 0px; background-color: var( --e-global-color-068f9c1 ); color: #000000;\">W<\/span><span style=\"font-style: inherit; font-weight: inherit; letter-spacing: 0px; background-color: var( --e-global-color-068f9c1 ); color: #000000;\">eitere Infos <a style=\"color: #000000;\" href=\"https:\/\/initiative-fuer-nachbarschaft-und-nachhaltigkeit.de\/?page_id=10520#frei\"><span style=\"text-decoration: underline;\"><strong>hier<\/strong><\/span><\/a><\/span><\/p>\t\t\t\t\t\t\t\t<\/div>\n\t\t\t\t<\/div>\n\t\t\t\t\t<\/div>\n\t\t<\/div>\n\t\t\t\t<div class=\"elementor-column elementor-col-50 elementor-inner-column elementor-element elementor-element-d20ebe0\" data-id=\"d20ebe0\" data-element_type=\"column\" data-e-type=\"column\">\n\t\t\t<div class=\"elementor-widget-wrap elementor-element-populated\">\n\t\t\t\t\t\t<div class=\"elementor-element elementor-element-9cfb2d6 elementor-widget elementor-widget-image\" data-id=\"9cfb2d6\" data-element_type=\"widget\" data-e-type=\"widget\" data-widget_type=\"image.default\">\n\t\t\t\t<div class=\"elementor-widget-container\">\n\t\t\t\t\t\t\t\t\t\t\t\t\t\t\t<img decoding=\"async\" src=\"https:\/\/initiative-fuer-nachbarschaft-und-nachhaltigkeit.de\/wp-content\/uploads\/elementor\/thumbs\/Anfahrt-q8afjgy15kdddzpsw6yl5rk2cc774gp75sgla7d9dk.png\" title=\"Anfahrt\" alt=\"Anfahrt\" loading=\"lazy\" \/>\t\t\t\t\t\t\t\t\t\t\t\t\t\t\t<\/div>\n\t\t\t\t<\/div>\n\t\t\t\t\t<\/div>\n\t\t<\/div>\n\t\t\t\t\t<\/div>\n\t\t<\/section>\n\t\t\t\t\t<\/div>\n\t\t<\/div>\n\t\t\t\t\t<\/div>\n\t\t<\/section>\n\t\t\t\t<section class=\"elementor-section elementor-top-section elementor-element elementor-element-22ef500 elementor-section-boxed elementor-section-height-default elementor-section-height-default\" data-id=\"22ef500\" data-element_type=\"section\" data-e-type=\"section\">\n\t\t\t\t\t\t<div class=\"elementor-container elementor-column-gap-default\">\n\t\t\t\t\t<div class=\"elementor-column elementor-col-100 elementor-top-column elementor-element elementor-element-71ef0e6\" data-id=\"71ef0e6\" data-element_type=\"column\" data-e-type=\"column\">\n\t\t\t<div class=\"elementor-widget-wrap elementor-element-populated\">\n\t\t\t\t\t\t<div class=\"elementor-element elementor-element-137b4bf elementor-widget elementor-widget-text-editor\" data-id=\"137b4bf\" data-element_type=\"widget\" data-e-type=\"widget\" data-widget_type=\"text-editor.default\">\n\t\t\t\t<div class=\"elementor-widget-container\">\n\t\t\t\t\t\t\t\t\t<h2 style=\"text-align: center;\">DOWNLOADS<\/h2>\t\t\t\t\t\t\t\t<\/div>\n\t\t\t\t<\/div>\n\t\t\t\t<div class=\"elementor-element elementor-element-58a6f74 elementor-widget-divider--view-line elementor-widget elementor-widget-divider\" data-id=\"58a6f74\" data-element_type=\"widget\" data-e-type=\"widget\" data-widget_type=\"divider.default\">\n\t\t\t\t<div class=\"elementor-widget-container\">\n\t\t\t\t\t\t\t<div class=\"elementor-divider\">\n\t\t\t<span class=\"elementor-divider-separator\">\n\t\t\t\t\t\t<\/span>\n\t\t<\/div>\n\t\t\t\t\t\t<\/div>\n\t\t\t\t<\/div>\n\t\t\t\t\t<\/div>\n\t\t<\/div>\n\t\t\t\t\t<\/div>\n\t\t<\/section>\n\t\t\t\t<section class=\"elementor-section elementor-top-section elementor-element elementor-element-eb8fb65 elementor-section-boxed elementor-section-height-default elementor-section-height-default\" data-id=\"eb8fb65\" data-element_type=\"section\" data-e-type=\"section\">\n\t\t\t\t\t\t<div class=\"elementor-container elementor-column-gap-default\">\n\t\t\t\t\t<div class=\"elementor-column elementor-col-100 elementor-top-column elementor-element elementor-element-919fcb9\" data-id=\"919fcb9\" data-element_type=\"column\" data-e-type=\"column\">\n\t\t\t<div class=\"elementor-widget-wrap elementor-element-populated\">\n\t\t\t\t\t\t<div class=\"elementor-element elementor-element-4e9ddfc elementor-widget__width-initial elementor-widget elementor-widget-text-editor\" data-id=\"4e9ddfc\" data-element_type=\"widget\" data-e-type=\"widget\" data-widget_type=\"text-editor.default\">\n\t\t\t\t<div class=\"elementor-widget-container\">\n\t\t\t\t\t\t\t\t\t<h2 style=\"text-align: center;\"><span style=\"color: #800080;\">AKTUELLES<\/span><\/h2>\t\t\t\t\t\t\t\t<\/div>\n\t\t\t\t<\/div>\n\t\t\t\t\t<\/div>\n\t\t<\/div>\n\t\t\t\t\t<\/div>\n\t\t<\/section>\n\t\t\t\t<section class=\"elementor-section elementor-top-section elementor-element elementor-element-8893053 elementor-section-boxed elementor-section-height-default elementor-section-height-default\" data-id=\"8893053\" data-element_type=\"section\" data-e-type=\"section\">\n\t\t\t\t\t\t<div class=\"elementor-container elementor-column-gap-default\">\n\t\t\t\t\t<div class=\"elementor-column elementor-col-100 elementor-top-column elementor-element elementor-element-74d3d8f\" data-id=\"74d3d8f\" data-element_type=\"column\" data-e-type=\"column\">\n\t\t\t<div class=\"elementor-widget-wrap elementor-element-populated\">\n\t\t\t\t\t\t<div class=\"elementor-element elementor-element-87d11ac elementor-widget-divider--view-line elementor-widget elementor-widget-divider\" data-id=\"87d11ac\" data-element_type=\"widget\" data-e-type=\"widget\" data-widget_type=\"divider.default\">\n\t\t\t\t<div class=\"elementor-widget-container\">\n\t\t\t\t\t\t\t<div class=\"elementor-divider\">\n\t\t\t<span class=\"elementor-divider-separator\">\n\t\t\t\t\t\t<\/span>\n\t\t<\/div>\n\t\t\t\t\t\t<\/div>\n\t\t\t\t<\/div>\n\t\t\t\t<div class=\"elementor-element elementor-element-03e9933 elementor-widget__width-initial elementor-widget-mobile__width-initial elementor-widget elementor-widget-image\" data-id=\"03e9933\" data-element_type=\"widget\" data-e-type=\"widget\" data-widget_type=\"image.default\">\n\t\t\t\t<div class=\"elementor-widget-container\">\n\t\t\t\t\t\t\t\t\t\t\t\t<figure class=\"wp-caption\">\n\t\t\t\t\t\t\t\t\t\t\t<a href=\"https:\/\/initiative-fuer-nachbarschaft-und-nachhaltigkeit.de\/wp-content\/uploads\/2026\/04\/Ausstellung_2_0-scaled.jpg\">\n\t\t\t\t\t\t\t<img fetchpriority=\"high\" decoding=\"async\" width=\"768\" height=\"1086\" src=\"https:\/\/initiative-fuer-nachbarschaft-und-nachhaltigkeit.de\/wp-content\/uploads\/2026\/04\/Ausstellung_2_0-768x1086.jpg\" class=\"attachment-medium_large size-medium_large wp-image-12237\" alt=\"Ausstellungser\u00f6ffnung\" srcset=\"https:\/\/initiative-fuer-nachbarschaft-und-nachhaltigkeit.de\/wp-content\/uploads\/2026\/04\/Ausstellung_2_0-768x1086.jpg 768w, https:\/\/initiative-fuer-nachbarschaft-und-nachhaltigkeit.de\/wp-content\/uploads\/2026\/04\/Ausstellung_2_0-212x300.jpg 212w, https:\/\/initiative-fuer-nachbarschaft-und-nachhaltigkeit.de\/wp-content\/uploads\/2026\/04\/Ausstellung_2_0-724x1024.jpg 724w, https:\/\/initiative-fuer-nachbarschaft-und-nachhaltigkeit.de\/wp-content\/uploads\/2026\/04\/Ausstellung_2_0-1086x1536.jpg 1086w, https:\/\/initiative-fuer-nachbarschaft-und-nachhaltigkeit.de\/wp-content\/uploads\/2026\/04\/Ausstellung_2_0-1448x2048.jpg 1448w, https:\/\/initiative-fuer-nachbarschaft-und-nachhaltigkeit.de\/wp-content\/uploads\/2026\/04\/Ausstellung_2_0-scaled.jpg 1810w\" sizes=\"(max-width: 768px) 100vw, 768px\" \/>\t\t\t\t\t\t\t\t<\/a>\n\t\t\t\t\t\t\t\t\t\t\t<figcaption class=\"widget-image-caption wp-caption-text\"><\/figcaption>\n\t\t\t\t\t\t\t\t\t\t<\/figure>\n\t\t\t\t\t\t\t\t\t<\/div>\n\t\t\t\t<\/div>\n\t\t\t\t<div class=\"elementor-element elementor-element-e3b294f elementor-widget__width-initial elementor-widget-mobile__width-initial elementor-widget elementor-widget-image\" data-id=\"e3b294f\" data-element_type=\"widget\" data-e-type=\"widget\" data-widget_type=\"image.default\">\n\t\t\t\t<div class=\"elementor-widget-container\">\n\t\t\t\t\t\t\t\t\t\t\t\t<figure class=\"wp-caption\">\n\t\t\t\t\t\t\t\t\t\t\t<a href=\"https:\/\/initiative-fuer-nachbarschaft-und-nachhaltigkeit.de\/wp-content\/uploads\/2026\/04\/Konzertabend.png\">\n\t\t\t\t\t\t\t<img decoding=\"async\" width=\"565\" height=\"797\" src=\"https:\/\/initiative-fuer-nachbarschaft-und-nachhaltigkeit.de\/wp-content\/uploads\/2026\/04\/Konzertabend.png\" class=\"attachment-medium_large size-medium_large wp-image-12243\" alt=\"\" srcset=\"https:\/\/initiative-fuer-nachbarschaft-und-nachhaltigkeit.de\/wp-content\/uploads\/2026\/04\/Konzertabend.png 565w, https:\/\/initiative-fuer-nachbarschaft-und-nachhaltigkeit.de\/wp-content\/uploads\/2026\/04\/Konzertabend-213x300.png 213w\" sizes=\"(max-width: 565px) 100vw, 565px\" \/>\t\t\t\t\t\t\t\t<\/a>\n\t\t\t\t\t\t\t\t\t\t\t<figcaption class=\"widget-image-caption wp-caption-text\"><\/figcaption>\n\t\t\t\t\t\t\t\t\t\t<\/figure>\n\t\t\t\t\t\t\t\t\t<\/div>\n\t\t\t\t<\/div>\n\t\t\t\t<div class=\"elementor-element elementor-element-1b5d20c elementor-widget__width-initial elementor-widget-mobile__width-initial elementor-widget elementor-widget-image\" data-id=\"1b5d20c\" data-element_type=\"widget\" data-e-type=\"widget\" data-widget_type=\"image.default\">\n\t\t\t\t<div class=\"elementor-widget-container\">\n\t\t\t\t\t\t\t\t\t\t\t\t<figure class=\"wp-caption\">\n\t\t\t\t\t\t\t\t\t\t\t<a href=\"https:\/\/initiative-fuer-nachbarschaft-und-nachhaltigkeit.de\/wp-content\/uploads\/2026\/04\/Familienfest.png\">\n\t\t\t\t\t\t\t<img decoding=\"async\" width=\"563\" height=\"797\" src=\"https:\/\/initiative-fuer-nachbarschaft-und-nachhaltigkeit.de\/wp-content\/uploads\/2026\/04\/Familienfest.png\" class=\"attachment-medium_large size-medium_large wp-image-12242\" alt=\"\" srcset=\"https:\/\/initiative-fuer-nachbarschaft-und-nachhaltigkeit.de\/wp-content\/uploads\/2026\/04\/Familienfest.png 563w, https:\/\/initiative-fuer-nachbarschaft-und-nachhaltigkeit.de\/wp-content\/uploads\/2026\/04\/Familienfest-212x300.png 212w\" sizes=\"(max-width: 563px) 100vw, 563px\" \/>\t\t\t\t\t\t\t\t<\/a>\n\t\t\t\t\t\t\t\t\t\t\t<figcaption class=\"widget-image-caption wp-caption-text\"><\/figcaption>\n\t\t\t\t\t\t\t\t\t\t<\/figure>\n\t\t\t\t\t\t\t\t\t<\/div>\n\t\t\t\t<\/div>\n\t\t\t\t\t<\/div>\n\t\t<\/div>\n\t\t\t\t\t<\/div>\n\t\t<\/section>\n\t\t\t\t<section class=\"elementor-section elementor-top-section elementor-element elementor-element-145dcd5 elementor-section-boxed elementor-section-height-default elementor-section-height-default\" data-id=\"145dcd5\" data-element_type=\"section\" data-e-type=\"section\">\n\t\t\t\t\t\t<div class=\"elementor-container elementor-column-gap-default\">\n\t\t\t\t\t<div class=\"elementor-column elementor-col-100 elementor-top-column elementor-element elementor-element-c9ad7a3\" data-id=\"c9ad7a3\" data-element_type=\"column\" data-e-type=\"column\">\n\t\t\t<div class=\"elementor-widget-wrap elementor-element-populated\">\n\t\t\t\t\t\t<div class=\"elementor-element elementor-element-38a81d0 elementor-widget elementor-widget-text-editor\" data-id=\"38a81d0\" data-element_type=\"widget\" data-e-type=\"widget\" data-widget_type=\"text-editor.default\">\n\t\t\t\t<div class=\"elementor-widget-container\">\n\t\t\t\t\t\t\t\t\t<h2 style=\"text-align: center;\">MONATSPROGRAMME<\/h2>\t\t\t\t\t\t\t\t<\/div>\n\t\t\t\t<\/div>\n\t\t\t\t\t<\/div>\n\t\t<\/div>\n\t\t\t\t\t<\/div>\n\t\t<\/section>\n\t\t\t\t<section class=\"elementor-section elementor-top-section elementor-element elementor-element-01cca95 elementor-section-boxed elementor-section-height-default elementor-section-height-default\" data-id=\"01cca95\" data-element_type=\"section\" data-e-type=\"section\">\n\t\t\t\t\t\t<div class=\"elementor-container elementor-column-gap-default\">\n\t\t\t\t\t<div class=\"elementor-column elementor-col-100 elementor-top-column elementor-element elementor-element-e31b06d\" data-id=\"e31b06d\" data-element_type=\"column\" data-e-type=\"column\">\n\t\t\t<div class=\"elementor-widget-wrap elementor-element-populated\">\n\t\t\t\t\t\t<div class=\"elementor-element elementor-element-7d4ad8c elementor-align-right elementor-widget__width-initial elementor-widget-mobile__width-initial elementor-button-success elementor-mobile-align-center elementor-widget elementor-widget-button\" data-id=\"7d4ad8c\" data-element_type=\"widget\" data-e-type=\"widget\" data-widget_type=\"button.default\">\n\t\t\t\t<div class=\"elementor-widget-container\">\n\t\t\t\t\t\t\t\t\t<div class=\"elementor-button-wrapper\">\n\t\t\t\t\t<a class=\"elementor-button elementor-button-link elementor-size-sm\" href=\"https:\/\/initiative-fuer-nachbarschaft-und-nachhaltigkeit.de\/wp-content\/uploads\/2026\/04\/2026_05_Termine.pdf\" target=\"_blank\">\n\t\t\t\t\t\t<span class=\"elementor-button-content-wrapper\">\n\t\t\t\t\t\t\t\t\t<span class=\"elementor-button-text\">Programm mai<\/span>\n\t\t\t\t\t<\/span>\n\t\t\t\t\t<\/a>\n\t\t\t\t<\/div>\n\t\t\t\t\t\t\t\t<\/div>\n\t\t\t\t<\/div>\n\t\t\t\t<div class=\"elementor-element elementor-element-4a85721 elementor-align-left elementor-widget__width-initial elementor-widget-mobile__width-initial elementor-button-success elementor-mobile-align-center elementor-widget elementor-widget-button\" data-id=\"4a85721\" data-element_type=\"widget\" data-e-type=\"widget\" data-widget_type=\"button.default\">\n\t\t\t\t<div class=\"elementor-widget-container\">\n\t\t\t\t\t\t\t\t\t<div class=\"elementor-button-wrapper\">\n\t\t\t\t\t<a class=\"elementor-button elementor-button-link elementor-size-sm\" href=\"https:\/\/initiative-fuer-nachbarschaft-und-nachhaltigkeit.de\/wp-content\/uploads\/2026\/04\/2026_05_Programm.pdf\" target=\"_blank\">\n\t\t\t\t\t\t<span class=\"elementor-button-content-wrapper\">\n\t\t\t\t\t\t\t\t\t<span class=\"elementor-button-text\">\u00dcbersicht  mai<\/span>\n\t\t\t\t\t<\/span>\n\t\t\t\t\t<\/a>\n\t\t\t\t<\/div>\n\t\t\t\t\t\t\t\t<\/div>\n\t\t\t\t<\/div>\n\t\t\t\t<div class=\"elementor-element elementor-element-f3c6c7b elementor-widget-divider--view-line elementor-widget elementor-widget-divider\" data-id=\"f3c6c7b\" data-element_type=\"widget\" data-e-type=\"widget\" data-widget_type=\"divider.default\">\n\t\t\t\t<div class=\"elementor-widget-container\">\n\t\t\t\t\t\t\t<div class=\"elementor-divider\">\n\t\t\t<span class=\"elementor-divider-separator\">\n\t\t\t\t\t\t<\/span>\n\t\t<\/div>\n\t\t\t\t\t\t<\/div>\n\t\t\t\t<\/div>\n\t\t\t\t\t<\/div>\n\t\t<\/div>\n\t\t\t\t\t<\/div>\n\t\t<\/section>\n\t\t\t\t<section class=\"elementor-section elementor-top-section elementor-element elementor-element-7cc769c elementor-section-boxed elementor-section-height-default elementor-section-height-default\" data-id=\"7cc769c\" data-element_type=\"section\" data-e-type=\"section\">\n\t\t\t\t\t\t<div class=\"elementor-container elementor-column-gap-default\">\n\t\t\t\t\t<div class=\"elementor-column elementor-col-100 elementor-top-column elementor-element elementor-element-97bf278\" data-id=\"97bf278\" data-element_type=\"column\" data-e-type=\"column\">\n\t\t\t<div class=\"elementor-widget-wrap elementor-element-populated\">\n\t\t\t\t\t\t<div class=\"elementor-element elementor-element-f9d90a0 elementor-widget elementor-widget-image\" data-id=\"f9d90a0\" data-element_type=\"widget\" data-e-type=\"widget\" data-widget_type=\"image.default\">\n\t\t\t\t<div class=\"elementor-widget-container\">\n\t\t\t\t\t\t\t\t\t\t\t\t\t\t\t<img loading=\"lazy\" decoding=\"async\" width=\"724\" height=\"1024\" src=\"https:\/\/initiative-fuer-nachbarschaft-und-nachhaltigkeit.de\/wp-content\/uploads\/2026\/04\/2026_05_Termine-724x1024.jpg\" class=\"attachment-large size-large wp-image-12164\" alt=\"\" srcset=\"https:\/\/initiative-fuer-nachbarschaft-und-nachhaltigkeit.de\/wp-content\/uploads\/2026\/04\/2026_05_Termine-724x1024.jpg 724w, https:\/\/initiative-fuer-nachbarschaft-und-nachhaltigkeit.de\/wp-content\/uploads\/2026\/04\/2026_05_Termine-212x300.jpg 212w, https:\/\/initiative-fuer-nachbarschaft-und-nachhaltigkeit.de\/wp-content\/uploads\/2026\/04\/2026_05_Termine-768x1086.jpg 768w, https:\/\/initiative-fuer-nachbarschaft-und-nachhaltigkeit.de\/wp-content\/uploads\/2026\/04\/2026_05_Termine.jpg 794w\" sizes=\"(max-width: 724px) 100vw, 724px\" \/>\t\t\t\t\t\t\t\t\t\t\t\t\t\t\t<\/div>\n\t\t\t\t<\/div>\n\t\t\t\t\t<\/div>\n\t\t<\/div>\n\t\t\t\t\t<\/div>\n\t\t<\/section>\n\t\t\t\t<section class=\"elementor-section elementor-top-section elementor-element elementor-element-cdd263d elementor-section-boxed elementor-section-height-default elementor-section-height-default\" data-id=\"cdd263d\" data-element_type=\"section\" data-e-type=\"section\">\n\t\t\t\t\t\t<div class=\"elementor-container elementor-column-gap-default\">\n\t\t\t\t\t<div class=\"elementor-column elementor-col-100 elementor-top-column elementor-element elementor-element-1602ea3\" data-id=\"1602ea3\" data-element_type=\"column\" data-e-type=\"column\">\n\t\t\t<div class=\"elementor-widget-wrap elementor-element-populated\">\n\t\t\t\t\t\t<div class=\"elementor-element elementor-element-664be35 elementor-widget elementor-widget-image\" data-id=\"664be35\" data-element_type=\"widget\" data-e-type=\"widget\" data-widget_type=\"image.default\">\n\t\t\t\t<div class=\"elementor-widget-container\">\n\t\t\t\t\t\t\t\t\t\t\t\t\t\t\t<img loading=\"lazy\" decoding=\"async\" width=\"724\" height=\"1024\" src=\"https:\/\/initiative-fuer-nachbarschaft-und-nachhaltigkeit.de\/wp-content\/uploads\/2026\/04\/2026_05_Termine21-724x1024.jpg\" class=\"attachment-large size-large wp-image-12163\" alt=\"\" srcset=\"https:\/\/initiative-fuer-nachbarschaft-und-nachhaltigkeit.de\/wp-content\/uploads\/2026\/04\/2026_05_Termine21-724x1024.jpg 724w, https:\/\/initiative-fuer-nachbarschaft-und-nachhaltigkeit.de\/wp-content\/uploads\/2026\/04\/2026_05_Termine21-212x300.jpg 212w, https:\/\/initiative-fuer-nachbarschaft-und-nachhaltigkeit.de\/wp-content\/uploads\/2026\/04\/2026_05_Termine21-768x1086.jpg 768w, https:\/\/initiative-fuer-nachbarschaft-und-nachhaltigkeit.de\/wp-content\/uploads\/2026\/04\/2026_05_Termine21.jpg 794w\" sizes=\"(max-width: 724px) 100vw, 724px\" \/>\t\t\t\t\t\t\t\t\t\t\t\t\t\t\t<\/div>\n\t\t\t\t<\/div>\n\t\t\t\t\t<\/div>\n\t\t<\/div>\n\t\t\t\t\t<\/div>\n\t\t<\/section>\n\t\t\t\t<section class=\"elementor-section elementor-top-section elementor-element elementor-element-79b992f elementor-section-content-middle elementor-section-height-min-height elementor-section-boxed elementor-section-height-default elementor-section-items-middle\" data-id=\"79b992f\" data-element_type=\"section\" data-e-type=\"section\" data-settings=\"{&quot;background_background&quot;:&quot;classic&quot;}\">\n\t\t\t\t\t\t\t<div class=\"elementor-background-overlay\"><\/div>\n\t\t\t\t\t\t\t<div class=\"elementor-container elementor-column-gap-default\">\n\t\t\t\t\t<div class=\"elementor-column elementor-col-50 elementor-top-column elementor-element elementor-element-ce5c864\" data-id=\"ce5c864\" data-element_type=\"column\" data-e-type=\"column\">\n\t\t\t<div class=\"elementor-widget-wrap elementor-element-populated\">\n\t\t\t\t\t\t<div class=\"elementor-element elementor-element-d518435 elementor-widget elementor-widget-heading\" data-id=\"d518435\" data-element_type=\"widget\" data-e-type=\"widget\" data-widget_type=\"heading.default\">\n\t\t\t\t<div class=\"elementor-widget-container\">\n\t\t\t\t\t<h1 class=\"elementor-heading-title elementor-size-small\">Historie<\/h1>\t\t\t\t<\/div>\n\t\t\t\t<\/div>\n\t\t\t\t<div class=\"elementor-element elementor-element-6b58477 elementor-widget__width-initial elementor-widget elementor-widget-text-editor\" data-id=\"6b58477\" data-element_type=\"widget\" data-e-type=\"widget\" data-widget_type=\"text-editor.default\">\n\t\t\t\t<div class=\"elementor-widget-container\">\n\t\t\t\t\t\t\t\t\t<ul><li style=\"font-size: 16px;\"><b>M\u00e4rz<br \/>Kr\u00e4uterkochen<\/b><br \/>und<br \/><b>Figurenspiel<\/b><br \/>und<br \/><b>Sauerteigmachen<\/b><br \/>und<br \/><b>Erz\u00e4hlcaf\u00e9<\/b><br \/>und<br \/><b>Kleidertausch<\/b><br \/>und<br \/><b>wie\u00a0immer alle\u00a0<\/b><i style=\"font-weight: bold; letter-spacing: 0px;\"><i style=\"font-weight: bold; letter-spacing: 0px;\"><i style=\"letter-spacing: 0px;\"><i style=\"letter-spacing: 0px;\">regelm\u00e4\u00dfigen Termin<\/i><\/i><\/i><\/i><br \/><b><br \/><\/b><\/li><li style=\"font-size: 16px;\"><b>Februar<\/b><br \/><b>Ausstellungser\u00f6ffnung &#8222;Historische Bilder&#8220; <\/b><br \/>und<br \/><b>Vortrag zur Springorumtrasse<\/b><br \/>und\u00a0<br \/><b>Film &#8222;Fische in der Ruhr&#8220;<\/b><br \/>und<br \/><b>wie\u00a0immer alle\u00a0<\/b><i style=\"font-weight: bold; letter-spacing: 0px;\"><i style=\"font-weight: bold; letter-spacing: 0px;\"><i style=\"letter-spacing: 0px;\"><i style=\"letter-spacing: 0px;\">regelm\u00e4\u00dfigen Termin<\/i><\/i><\/i><\/i><\/li><li style=\"font-size: 16px;\"><b>Januar<\/b><br \/><em style=\"font-weight: 400;\">gem\u00fctlicher Start ins neue Jahr mit:<\/em><br style=\"font-weight: 400;\" \/><b>erstmals Tea-Time English-Conversation<\/b><br style=\"font-weight: 400;\" \/><span style=\"font-weight: 400;\">und<br \/><\/span><b>Kamishibai<\/b><br \/>und<br \/><b>Bilderbuchkino<\/b><br \/>und<br \/><b>Erfahrungsaustausch W\u00e4rmepumpe<\/b><br \/>und<br \/><b>Dahlhauser Gespr\u00e4che: Wohnprojet Vielsam<\/b><br \/>und<b><br \/><\/b><strong>wie\u00a0immer alle\u00a0<\/strong><i style=\"letter-spacing: 0px; font-weight: bold;\"><i style=\"letter-spacing: 0px; font-weight: bold;\"><i style=\"letter-spacing: 0px;\">regelm\u00e4\u00dfigen Termin<\/i><\/i><\/i><\/li><li style=\"font-size: 16px;\"><strong>Dezember<\/strong><br \/><b><em>volles Weihnachtsprogramm mit:<\/em><br \/>4x Weihnachtsgeschichte lesen<br \/>und <br \/>Weihnachtliches Fr\u00fchst\u00fcck<br \/>und\u00a0<br \/>Siedler von Catan Extrem<br \/>und<br \/>Kinderwagencaf\u00e9<br \/>und <br \/>Spielenachmitttag<br \/>und<br \/>Weihnachtliches Singen<br \/>und<br \/>Sm\u00f6rrebr\u00f6ds Feuerzangen-Bowle<br \/>und<br \/><span style=\"font-style: inherit; letter-spacing: 0px;\">wie\u00a0immer alle\u00a0<\/span><\/b><i style=\"letter-spacing: 0px;\"><i style=\"letter-spacing: 0px;\"><b>regelm\u00e4\u00dfigen Termin<\/b> <\/i><\/i><\/li><li style=\"font-size: 16px;\"><b>November<br \/><span style=\"font-weight: 400;\"><strong>4. WunschPunschMarkt<\/strong><br \/>und<br \/><\/span>Weihnachtsmarkt<br \/><span style=\"font-weight: 400;\">und<br \/><\/span>Queerer Tresen<br \/><\/b>und<b><br style=\"font-weight: 400;\" \/><span style=\"font-style: inherit; letter-spacing: 0px;\">wie\u00a0immer alle\u00a0<\/span><i style=\"letter-spacing: 0px;\"><i style=\"letter-spacing: 0px;\">regelm\u00e4\u00dfigen Termin <\/i><\/i><\/b><\/li><li style=\"font-size: 16px;\"><b>Oktober<\/b><br \/><b>Kr\u00e4uterkochen<br style=\"font-weight: 400;\" \/><span style=\"font-weight: 400;\">und<\/span><br style=\"font-weight: 400;\" \/>Kamishibai<br style=\"font-weight: 400;\" \/><span style=\"font-weight: 400;\">und<br \/><\/span>Dahlhauser Gespr\u00e4che mit Sonja Gr\u00e4f<\/b><br \/>und<br \/><b>ADFC-Ausfahrt und Austausch<\/b><br \/>und<br \/><b>Kleidertausch<br \/><\/b>und\u00a0<br \/><b>Infoveranstaltung zu Vorsorgevollmacht<\/b><br \/>und<br \/><b style=\"font-style: inherit; letter-spacing: 0px;\">wie\u00a0immer alle\u00a0<\/b><i style=\"letter-spacing: 0px; font-weight: bold;\"><i style=\"letter-spacing: 0px; font-weight: bold;\">regelm\u00e4\u00dfigen Termin <\/i><\/i><\/li><li style=\"font-size: 16px;\"><b>September<\/b><br \/><b>Kneipenquiz<\/b><br \/><span style=\"font-weight: 400;\">und<\/span><br \/><b>Kr\u00e4uterwandern<\/b><br style=\"font-weight: 400;\" \/><span style=\"font-weight: 400;\">und<\/span><br style=\"font-weight: 400;\" \/><b>Kamishibai<\/b><br style=\"font-weight: 400;\" \/><span style=\"font-weight: 400;\">und<br \/><\/span><b>Figurenspiel<\/b><br \/><span style=\"font-weight: 400;\">und<\/span><br \/><b>RuhrCleanUp<\/b><br \/><span style=\"font-weight: 400;\">und<br \/><\/span><b>IfNuN-Stand auf dem Gemeindefest<\/b><br \/>und<br style=\"font-weight: 400;\" \/><p style=\"font-weight: 400; font-size: 16px; font-style: normal;\"><span style=\"font-weight: bold;\">wie\u00a0immer alle\u00a0<i>regelm\u00e4\u00dfigen Termin<\/i><\/span><\/p><p style=\"font-weight: bold;\">\u00a0<\/p><\/li><li style=\"font-size: 16px;\"><span style=\"font-weight: bold;\">August<br \/>Queerer Tresen<br style=\"font-weight: 400;\" \/><span style=\"font-weight: 400;\">und<\/span><br style=\"font-weight: 400;\" \/>Kindersachen-Tausch<br style=\"font-weight: 400;\" \/><span style=\"font-weight: 400;\">und<\/span><\/span><br \/><p style=\"font-size: 16px; font-style: normal; font-weight: 400;\"><span style=\"font-weight: bold;\">wie\u00a0immer alle\u00a0<i>regelm\u00e4\u00dfigen Termin<\/i><\/span><\/p><\/li><li><strong><strong>Juli<br \/>Kr\u00e4uterwandern<br style=\"font-weight: 400;\" \/><span style=\"font-weight: 400;\">und<\/span><br style=\"font-weight: 400;\" \/>Workshop &#8222;Postrassismus&#8220;<br style=\"font-weight: 400;\" \/><span style=\"font-weight: 400;\">und<\/span><\/strong><\/strong><br \/><p style=\"font-size: 16px; font-style: normal; font-weight: 400;\"><span style=\"font-weight: bold;\">Kamishibai<\/span><br \/>und<br \/><strong>Bilderbuchkino<\/strong><br \/>und<br \/><strong>NEU!!! Achtsamkeit regelm\u00e4\u00dfig am Sonntag<\/strong><br \/>und<br \/><span style=\"font-weight: bold;\">wie\u00a0immer alle\u00a0<i>regelm\u00e4\u00dfigen Termine<\/i><\/span><\/p><\/li><li><strong>Juni<\/strong><br \/><strong>Kr\u00e4uterkochen<\/strong><br \/>und<br \/><strong>Langer Tag der Stadtnatur<\/strong><br \/>und<p><b>Kamishibai<\/b><br \/>und<br \/><strong>wie\u00a0immer alle\u00a0<i>regelm\u00e4\u00dfigen Termine <\/i><\/strong><\/p><\/li><li><strong><strong>Mai<br \/><span style=\"font-style: normal;\"><span style=\"font-weight: 400;\"><strong>Kr\u00e4uterwandern<\/strong><br \/>und<\/span><\/span><br style=\"font-weight: 400;\" \/><span style=\"font-style: italic; letter-spacing: 0px;\">3D-Drucke<\/span><\/strong><\/strong><span style=\"font-style: italic; letter-spacing: 0px;\"><br \/><\/span><span style=\"letter-spacing: 0px;\">und<\/span><strong><strong><span style=\"font-style: italic; letter-spacing: 0px;\"><br \/>wie\u00a0<\/span><span style=\"font-style: italic; letter-spacing: 0px;\">immer alle\u00a0<\/span><span style=\"letter-spacing: 0px;\"><i>regelm\u00e4\u00dfigen Termine<br \/><\/i><\/span><br \/><\/strong><\/strong><\/li><li><strong><strong>April<br \/>Stadtputz<br \/><span style=\"font-weight: 400;\">und<\/span><br \/>IfNuN-Aktionstag<br \/><span style=\"font-weight: 400;\">und<br \/><\/span>Themenabend &#8222;Traumhafte N\u00e4chte<br \/><span style=\"font-style: normal;\"><span style=\"font-weight: 400;\">und<\/span><\/span><br style=\"font-weight: 400;\" \/><span style=\"font-style: italic; letter-spacing: 0px;\">wie\u00a0<\/span><span style=\"font-style: italic; letter-spacing: 0px;\">immer alle\u00a0<\/span><span style=\"letter-spacing: 0px;\"><span style=\"letter-spacing: 0px;\"><i>regelm\u00e4\u00dfigen Termine <\/i><\/span><\/span><\/strong><\/strong><\/li><li><strong>M\u00e4rz<br \/><\/strong><b>NEU &#8211; Kr\u00e4uterkochen<br \/><span style=\"font-weight: 400;\">und<br \/><\/span>NEU &#8211; Kr\u00e4uterweisentreff<br \/><\/b><p><span style=\"font-size: 16px;\">und<br \/><strong><em>Themenabend<\/em>\u00a0Giftstoffe in Kosmetik<\/strong><br \/><\/span><span style=\"font-size: 16px;\">und<\/span><i style=\"font-weight: bold;\"><br \/><\/i><strong><em>Themenabend <\/em>Food-Coop<br \/><\/strong>und<br \/><strong>Kleidertausch<\/strong><br \/>und<br \/><strong>Kinderwagencaf\u00e9<\/strong><br \/>und<br \/><strong>Powerpiraten der Stadtwerke zu Gast im Freiraum<\/strong><br \/>und<br \/><i style=\"font-weight: bold;\"><i style=\"letter-spacing: 0px;\">wie\u00a0<\/i><b style=\"font-style: inherit; letter-spacing: 0px;\">immer a<\/b><b style=\"letter-spacing: 0px;\">lle\u00a0<\/b><\/i><b style=\"letter-spacing: 0px;\"><b style=\"letter-spacing: 0px;\"><i>regelm\u00e4\u00dfigen Termine<\/i><\/b><\/b><i style=\"font-weight: bold;\"><b style=\"font-style: inherit; letter-spacing: 0px;\"><br \/><\/b><\/i><\/p><\/li><li><strong>Februar<br \/><\/strong><b>NEU &#8211;\u00a0<\/b><b>Capoeira<\/b><br \/>und<br \/><b>NEU &#8211; Kamishibai \u00dc3<\/b><br \/>und<br \/><i style=\"font-weight: bold;\">wie\u00a0<\/i><b>immer alle<\/b><br \/><b>regelm\u00e4\u00dfigen Termine<\/b><br \/>und<br \/><b>ein bisschen Pflanzenretten<\/b><br \/>und<br \/><b><b>Fr\u00fchjahrsputz im FREIRAUM<\/b><\/b><\/li><li><strong><strong>Januar<br \/>gem\u00fctlicher Start ins Jahr<br \/><i style=\"font-weight: inherit; letter-spacing: 0px;\">wie\u00a0<\/i><span style=\"font-style: inherit; font-weight: 400; letter-spacing: 0px;\"><span style=\"font-weight: inherit;\">immer alle<\/span><br \/><\/span><span style=\"font-style: inherit; font-weight: 400; letter-spacing: 0px;\"><span style=\"font-weight: bold;\">regelm\u00e4\u00dfigen Termine<br \/><\/span><\/span><span style=\"font-style: inherit; font-weight: 400; letter-spacing: 0px;\"><span style=\"font-weight: inherit;\">und<\/span><br \/><\/span><span style=\"font-style: inherit; letter-spacing: 0px;\">ein bisschen Pflanzenretten!<\/span><\/strong><\/strong><\/li><li><strong>Dezember<br \/><\/strong><p><strong>Weihnachtsmarktstand mit Tombola<br \/><\/strong>und<strong><br \/>Advents-und Weihnachtsprogramm mit<\/strong><br \/><strong>Weihnachtsgeschichte lesen<\/strong><br \/>und<br \/><span style=\"font-weight: bold;\">Adventskalenderspiel<\/span><br \/>und<br \/><span style=\"font-style: inherit; letter-spacing: 0px;\"><b>Gemeinsames Fr\u00fchst\u00fccken\u00a0<\/b><\/span><span style=\"font-style: inherit; letter-spacing: 0px;\"><b>mit Gewinnvergabe zum Adventskalenderspiel<\/b><br \/><\/span><span style=\"font-style: inherit; font-weight: inherit; letter-spacing: 0px;\">und<br \/><\/span><span style=\"font-style: inherit; font-weight: inherit; letter-spacing: 0px;\"><strong>Weihnachtlich kreativ<\/strong><br \/><\/span><span style=\"font-style: inherit; font-weight: inherit; letter-spacing: 0px;\">und<br \/><\/span><strong>Gem\u00fctlicher Spielenachmittag<\/strong><span style=\"font-style: inherit; font-weight: inherit; letter-spacing: 0px;\"><br \/>und<\/span><br \/><strong>Weihnachtlicher Treff<\/strong><br \/>und<br \/><strong>Weihnachtliches Mittagessen<\/strong><i style=\"font-weight: inherit; letter-spacing: 0px;\"><br \/>wie <\/i><span style=\"font-style: inherit; letter-spacing: 0px;\"><span style=\"font-weight: inherit;\">immer alle<\/span><br \/><\/span><span style=\"font-style: inherit; letter-spacing: 0px;\"><b>regelm\u00e4\u00dfigen Termine<br \/><\/b><\/span><span style=\"font-style: inherit; letter-spacing: 0px;\"><span style=\"font-weight: inherit;\">und<\/span><br \/><\/span><strong style=\"font-style: inherit; letter-spacing: 0px;\">viel Pflanzenretten!<\/strong><\/p><\/li><li><strong><strong><strong><strong>November<br \/>3. WunschPunschMarkt<br \/><span style=\"font-weight: 400;\">und<\/span><br \/>Umt\u00fcten<br \/><span style=\"font-weight: bold;\"><span style=\"font-weight: 400;\">und<\/span><\/span><br \/>Insekten-Workshops (Nisthilfen und Saatbomben)<br \/><span style=\"font-weight: 400;\">und<\/span><br \/>Kleidertausch<br \/><span style=\"font-weight: 400;\">und <\/span><br \/>Filmabend<br \/><span style=\"font-weight: 400;\">und wie immer alle<\/span><br \/>regelm\u00e4\u00dfigen Termine<br style=\"font-weight: 400;\" \/><span style=\"font-weight: 400;\">und<\/span><br \/>viel Pflanzenretten!<\/strong><\/strong><\/strong><\/strong><\/li><li><strong>Oktober<\/strong><br \/><strong>Er\u00f6ffnung Insektenausstellung<\/strong><br \/>und<br \/><strong>Vortrag Insekten<\/strong><br \/>und<br \/><strong>Bau professioneller Insektenhotels<\/strong><br \/>und\u00a0<br \/><strong>Filmabend<\/strong><br \/>und<br \/><strong>Vortrag zu Wildbienen<\/strong><br \/>und<br \/><strong>3D-Drucken<\/strong><br \/>und wie immer alle<strong><br \/>regelm\u00e4\u00dfigen Termine<\/strong><br \/>und<strong><strong><strong><strong><br \/>viel Pflanzenretten!<\/strong><\/strong><\/strong><\/strong><\/li><li><strong>September<\/strong><p><strong>Kamishibai<\/strong><br \/>und<br \/><strong>RuhrCleanUp<\/strong><br \/>und <br \/><strong>Kr\u00e4uterworkshops<\/strong><br \/>und<br \/><strong>Eltern-Kind-Treff\u00a0<\/strong><strong><br \/><\/strong>und wie immer alle<strong><br \/>regelm\u00e4\u00dfigen Termine<\/strong><br \/>und<strong><br \/>viel Pflanzenretten!<\/strong><\/p><\/li><li><strong>August<\/strong><p><strong>Kamishibai<\/strong><br \/>und<br \/><strong>Kinderwagencaf\u00e9<\/strong><br \/>und jetzt\u00a0<br \/><strong>Eltern-Kind-Treff immer<\/strong> donnerstags\u00a0\u00a0<strong><br \/><\/strong>und wieder alle<strong><br \/>regelm\u00e4\u00dfigen Termine<\/strong><br \/>und<strong><br \/>viel Pflanzenretten!<\/strong><\/p><\/li><li><strong>Juli<br \/><\/strong>ein bisschen<strong> Sommerpause: <br \/><\/strong>kein Fr\u00fchst\u00fcck, kein Freitagnachmittag<strong><br \/><\/strong>aber\u00a0<strong><br style=\"font-weight: 400;\" \/><span style=\"font-weight: 400;\"><strong>alle sonstigen regelm\u00e4\u00dfigen Termine weiter wie gewohnt<\/strong><br \/>und <br \/><strong>viel Pflanzenretten!<\/strong><br \/><\/span><br \/><\/strong><\/li><li><strong>Juni 2024<br \/>Misereor Ausstellung &#8222;Gl\u00e4nzende Aussichten&#8220;<\/strong><br \/><span style=\"font-weight: 400;\">und<br \/><\/span><strong>Lesung Hanna Aden<\/strong><br \/>und <br \/><strong>Lesung Anja Liedtke<\/strong><br \/>und\u00a0<br \/><strong>Liederabend mit Theo Ubbens<\/strong><br \/>und<br \/><strong>Langer Tag der Stadtnatur<\/strong><br \/>und<br \/><span style=\"font-weight: bold;\"><span style=\"font-weight: 400;\"><span style=\"font-weight: bold;\">Workshop:<\/span>\u00a0Kr\u00e4uter sammeln und genie\u00dfen\u00a0<em>monatlich bis Sept.<br \/><\/em><\/span><\/span>und\u00a0<br \/><strong>Bilderbuchkino<\/strong><br \/>und\u00a0<br \/><strong>Finissage<\/strong> <br \/>mit\u00a0<br \/><strong>\u00dcberreichung der Nominierungsurkunde &#8222;Engagementpreis NRW 2024&#8220;<br \/><\/strong><\/li><li><strong>Mai 2024<br \/>Vernissage: Misereor Ausstellung &#8222;Gl\u00e4nzende Aussichten&#8220;<br \/><\/strong>und<strong><br \/>Puppenb\u00fchne<br \/><\/strong>und<strong><br \/>Bilder<\/strong>buchtheater<br \/><strong>und\u00a0<br \/>Filmabend &#8222;North Drift&#8220;<br \/><\/strong>und<strong><br \/>Kamishibai<br \/><\/strong>und<strong><br \/>Kinderwagencaf\u00e9<br \/><\/strong>und<strong><br \/><span style=\"font-weight: 400;\"><span style=\"font-weight: bold;\">Workshop:<\/span>\u00a0Kr\u00e4uter sammeln und genie\u00dfen\u00a0<em>monatlich bis Sept.<\/em><br \/>und<\/span><br style=\"font-weight: 400;\" \/><span style=\"font-weight: 400;\">alle regelm\u00e4\u00dfigen Termine weiter wie gewohnt!<br \/><\/span><br \/><\/strong><\/li><li><strong>April 2024<br \/>Info <\/strong>Organisierter Humanismus &#8211; Wer braucht das &#8211; Was ist das? <br \/>und <br \/><strong>Kneipenquiz:<\/strong> Zum Thema Europa<br \/>und <br \/><strong>Stadtputz<br \/><\/strong>und<strong><br \/>Kinderkleidertausch<br \/><\/strong>und<br \/><strong>Workshop:<\/strong> Kr\u00e4uter sammeln und genie\u00dfen <em>monatlich bis Sept.<\/em><br \/>und<br \/><strong>Puppenb\u00fchne<\/strong><br \/>und<br \/>alle regelm\u00e4\u00dfigen Termine weiter wie gewohnt!<\/li><li><strong>M\u00e4rz 2024<br \/>Ifnun-Aktionstag<\/strong> mit Pflanzungen<br \/>und <br \/><strong>Vortrag:<\/strong> Kein Konsum ist auch keine L\u00f6sung<br \/>und <br \/><strong>Workshop:<\/strong> 3D-Druck-Reparatur<br \/>und<br \/>alle regelm\u00e4\u00dfigen Termine weiter wie gewohnt!<\/li><li><strong>Februar 2024<br \/><\/strong><strong>NEU!<\/strong> Impro-Theater-Gruppe &#8222;Schr\u00e4ge V\u00f6gel&#8220;<em> 14-t\u00e4gig<\/em><br \/>und<strong><br \/><\/strong><strong>NEU!<\/strong> Arabisch-Kurs <em>w\u00f6chentlich<\/em><br \/>und<strong><br \/><\/strong><strong>NEU!<\/strong> Puppentheater<br \/>und <br \/>alle regelm\u00e4\u00dfigen Termine weiter wie gewohnt!<\/li><li><strong>Januar 2024<br \/><\/strong><em>wir starteten langsam<\/em><strong><br \/>NEU!<\/strong> Dahl\u00b4sener Eltern-Kind-Treff<br \/><strong>und<\/strong><br \/>x-mal offener FREIRAUM mit Spiel und Plausch <br \/>und regelm\u00e4\u00dfige Termine<br \/>zu Spielen, DoKo, Handarbeit, Literatur, Musik-Stammtisch, Kreatives<br \/>Arbeiten f\u00fcr 1x Kinder und 1x f\u00fcr Erwachsene, Smoerrebroed Dahlhausen &#8211; Die Aufstreicher, Pflanzenretten<\/li><li><strong>Dezember 2023<br \/><\/strong>13.12.2023 Seniorenfr\u00fchst\u00fcck<br \/><strong>und<br \/><\/strong>Stand auf dem Dahlhauser Weihnachtsmarkt<strong><br \/>und<\/strong><br \/>1. + 2.12.2023 Kindersachentausch<br \/><strong>und<br \/><\/strong>x-mal offener FREIRAUM mit Spiel und Plausch <br \/>und regelm\u00e4\u00dfige Termine zu Spielen, DoKo, Handarbeit, Literatur, Musik-Stammtisch, Kreatives Arbeiten f\u00fcr 1x Kinder und 1x f\u00fcr Erwachsene, Smoerrebroed Dahlhausen &#8211; Die Aufstreicher, Pflanzenretten<\/li><li><b>November 2023<br \/><\/b>08.11.2023 Seniorenfr\u00fchst\u00fcck<br \/><strong>und<br \/><\/strong>19.11.2023 2. Dahl\u00b4sener WunschPunschMarkt<br \/><strong>und<\/strong><br \/>26.11. 2023 Kinderwagencaf\u00e9<br \/><strong>und<\/strong><br \/>x-mal offener FREIRAUM mit Spiel und Plausch <br \/>und regelm\u00e4\u00dfige Termine zu Spielen, DoKo, Handarbeit, Literatur, Musik-Stammtisch, Kreatives Arbeiten f\u00fcr 1x Kinder und 1x f\u00fcr Erwachsene,\u00a0 Nachbarschaftstreffe,\u00a0Smoerrebroed Dahlhausen &#8211; Die Aufstreicher, Pflanzenretten<\/li><li><b>Oktober 2023<\/b><strong><br \/><\/strong>11.10.2023 Seniorenfr\u00fchst\u00fcck<br \/><strong>und<\/strong><br \/>15.10.2023 Kindertheater<b><br \/><\/b><strong>und<br \/><\/strong>20.10.2023 Vortrag Radreisebericht Osterfahrung<strong><br \/><\/strong><strong>und<br \/><\/strong>27. &#8211; 28.10.2023 Kleidertausch<br \/><strong>und<\/strong><br \/>x-mal offener FREIRAUM mit Spiel und Plausch <br \/>und regelm\u00e4\u00dfige Termine zu Spielen, DoKo, Handarbeit, Literatur, Musik-Stammtisch, Kreatives Arbeiten f\u00fcr 1x Kinder und 1x f\u00fcr Erwachsene,\u00a0 Nachbarschaftstreffen, Pflanzenretten<\/li><li><p><strong>September<\/strong><br \/>24.09.2023 Bierbrauen Vortrag und Verkostung<br \/><strong>und<\/strong><br \/>20.09.2023 B\u00fcrgersprechstunde mit Marc Gr\u00e4f<br \/><strong>und<\/strong><br \/>13.09.2023 Seniorenfr\u00fchst\u00fcck<br \/><strong>und<\/strong><br \/>09.09.2023 Ruhr-Clean-Up<br \/><strong>und<\/strong><br \/>1. + 2. September &#8222;Langer Tag der Stadtnatur&#8220;<br \/><strong>und<br \/><\/strong>x-mal offener FREIRAUM mit Spiel und Plausch <br \/>und regelm\u00e4\u00dfige Termine zu Spielen, DoKo, Handarbeit, Literatur, Musik-Stammtisch, Kreatives Arbeiten f\u00fcr 1x Kinder und 1x f\u00fcr Erwachsene,\u00a0 Nachbarschaftstreffen<span style=\"font-style: inherit; font-weight: inherit; letter-spacing: 0px;\">, Pflanzenretten<\/span><\/p><\/li><li><strong>August<\/strong><strong> 2023<\/strong><br \/>Kreative Zivilcourage &#8211; Vortrag &amp; Diskussion Heike Schick \/ Extinction Rebellion <br \/><strong>und<\/strong><br \/>24.8.2023 erstmals Musik-Stammtisch<br \/><strong>und<br \/><\/strong>20.8.2023 Festival KULTURLINIE: Lesung Peter Reidegeld<br \/><strong>und<br \/><\/strong>19.8.2023 Festival KULTURLINIE: Lesung Arne Dessaul<br \/><strong>und<br \/><\/strong>18.8.2023 Festival KULTURLINIE: Vernissage Monika Drobeck<br \/><strong>und<br \/><\/strong>13.8.2023 Besuch Villa Wurm<br \/><strong>und<br \/><\/strong>12.8.2023 Kreativgruppe<p><strong>und<\/strong><br \/>12.8.2023 Kinderwagencaf\u00e9<strong><br \/>und<\/strong><br \/>4.8.2023 Frauen brauchen mehr als Selfcare<br \/><strong>und<\/strong><br \/>x-mal offener FREIRAUM mit Spiel und Plausch<br \/>und<br \/>Pflanzenretten<\/p><\/li><li><b><b>Juli<\/b><\/b><strong> 2023<\/strong><br \/>12.7.2023 ARD Team f\u00fcr Beitrag ARD Mittagsmagazin \u00fcber IfNuN-Arbeit<br \/><strong>und<\/strong><br \/>12.7.2023 Seniorenfr\u00fchst\u00fcck des Seniorenb\u00fcros SW<br \/><b><b>und<br \/><\/b><\/b>11.7.2023 Kinder in Aktion<br \/><strong>und<\/strong><b><b><br \/><\/b><\/b>8.7.2023 Kulinarische Reise in die T\u00fcrkei<br \/><b><b>und<br \/><\/b><\/b>8.7.2023 Kreativgruppe<b><b><br \/>und<br \/><\/b><\/b>x-mal offener FREIRAUM mit Spiel und Plausch<br \/>und<br \/>Pflanzenretten und B\u00e4umegie\u00dfen<\/li><li><b><b>Juni<\/b><\/b><strong> 2023<\/strong><p>28. &#8211; 30.6.2023 Kleidertausch<br \/><b>und<\/b><br \/>20.6.2023 Kinder in Aktion<br \/><b>und<\/b><br \/>16.6.2023 Seminar: Bildung f\u00fcr nachhaltige Entwicklung<br \/><b>und<\/b><br \/>10.6.2023 Kreativgruppe<br \/><span style=\"font-weight: bold;\">und<\/span><br \/>3.6.2023 Frauen setzen Grenzen! <br \/><b style=\"font-style: inherit;\">und<br \/><\/b><b style=\"font-style: inherit;\"><span style=\"font-weight: 400;\">x-mal offener FREIRAUM\u00a0<\/span><\/b><span style=\"font-style: inherit; font-weight: inherit; letter-spacing: 0px;\">mit Spiel und Plausch<br \/>und<br \/>Pflanzenretten und B\u00e4umegie\u00dfen<br \/><\/span><\/p><\/li><li><b>Mai<\/b><strong> 2023<\/strong><br \/>26.05.2023 &#8222;Dahlsen schmeckt&#8220; am Tag der Nachbar:innen<br \/><strong>und<br \/><\/strong>23.05.2023 KiA &#8211; Kinder in Aktion<br \/><span style=\"font-weight: bold;\">und<\/span><br \/>x-mal offener FREIRAUM<br \/><span style=\"font-weight: bold;\">und<br \/><\/span>14.05.2023 Rad-Schnitzeljagd\u00a0<br \/><span style=\"font-weight: bold;\">und<br \/><\/span>13.05.2023 Kreativ-Workshop\u00a0<br \/><span style=\"font-weight: bold;\">und<br \/><\/span><br \/><h5><span style=\"text-decoration: underline;\"><span style=\"color: #99cc00;\"><b>06.05.2023 Er\u00f6ffnung FREIRAUM Dahlhausen\u00a0<\/b><\/span><\/span><\/h5><p>und<br \/>Pflanzenretten<\/p><\/li><li><strong>April<\/strong><strong> 2023<\/strong><br \/>Planung, Renovierung und Einrichtung<br \/><span style=\"font-weight: bold;\">und<br \/><\/span>01.04.2023 Anmietung FREIRAUM<\/li><li><strong>M\u00e4rz<\/strong><strong> 2023<\/strong><br \/>22.02.2023 Sonntagsspaziergang<br \/><span style=\"font-weight: bold;\">und<\/span><br \/>11.03.2023 interner Workshop zum neuen Ladenlokal<br \/><strong>und<\/strong><br \/>10.03.2023 Jahreshauptversammlung<br \/><strong>und<\/strong><br \/>08.03.2023<br \/>Infostand bei Rewe am Weltfrauentag<br \/><strong>und<\/strong><br \/>03.03.2023 Zusage vom B\u00fcrger-Fonds Bochum<br \/><strong>und<\/strong><br \/>03.03.2023 Zusage f\u00fcr Ladenlokal<\/li><li><b>Februar<\/b><strong> 2023<\/strong><br \/>22.02.2023 Sonntagsspaziergang<br \/><span style=\"color: #000000;\"><strong>und<\/strong><\/span><br \/>F\u00f6rderantrag bei B\u00fcrger-Fonds Bochum<\/li><li><strong>Januar 2023<\/strong><br \/><span style=\"color: #000000;\"><span style=\"color: #000000;\"><span style=\"color: #000000;\"><span style=\"color: #000000;\"><span style=\"color: #000000;\"><span style=\"color: #000000;\">22.01.2023 Sonntagsspaziergang<\/span><\/span><\/span><\/span><\/span><\/span><\/li><li><p><strong>Dezember 2022<br \/><\/strong><span style=\"color: #000000;\">18.12.2022 Sonntagsspaziergang<br \/><strong>und<\/strong><br \/><\/span><span style=\"color: #000000;\">08.12.2022 Infostand auf dem Wochenmarkt in Dahlhausen<br \/><span style=\"color: #050002;\">und<br \/>Pflanzenretten<\/span><br \/><\/span><\/p><\/li><li><p><strong><span style=\"color: #000000;\">Nov<\/span>ember 2022<br \/><\/strong>27.11.2022 Info-Stand auf dem dahlhauser Weihnachtsmarkt<strong><br \/>und<br \/><\/strong>20.11.2022 Sonntagsspaziergang<br \/><strong>und<\/strong><br \/>27.11.2022 <span style=\"color: #000000;\"><span style=\"text-decoration: underline;\"><a style=\"color: #000000; text-decoration: underline;\" href=\"https:\/\/initiative-fuer-nachbarschaft-und-nachhaltigkeit.de\/?page_id=578#wunschp\">Dahl\u00b4sener WunschPunschMarkt<\/a><\/span><\/span><br \/><strong>und<br \/><\/strong>10.11.2022 Infostand auf dem Wochenmarkt in Dahlhausen<br \/>und<br \/>Pflanzenretten<\/p><\/li><li><p><strong>Oktober 2022<br \/><\/strong><a href=\"https:\/\/initiative-fuer-nachbarschaft-und-nachhaltigkeit.de\/wp-admin\/post.php?post=578&amp;action=elementor#pflegeaktion\"><span style=\"color: #000000;\">28.10.2022 Offenes Treffen<\/span> <\/a><strong><br \/><span style=\"color: #000000;\"><a style=\"color: #000000;\" href=\"https:\/\/initiative-fuer-nachbarschaft-und-nachhaltigkeit.de\/?page_id=578#clean\">und<\/a><\/span><br \/><\/strong><span style=\"color: #000000;\">13.10.2022 <a style=\"color: #000000;\" href=\"https:\/\/initiative-fuer-nachbarschaft-und-nachhaltigkeit.de\/wp-admin\/post.php?post=578&amp;action=elementor#markt\" target=\"_blank\" rel=\"noopener\">Infostand<\/a> auf dem Wochenmarkt in Dahlhausen<\/span><strong><br \/><\/strong><span style=\"color: #000000;\"><a style=\"color: #000000;\" href=\"https:\/\/initiative-fuer-nachbarschaft-und-nachhaltigkeit.de\/?page_id=578#clean\"><strong>und<\/strong><\/a><\/span><br \/><span style=\"color: #000000;\">23.10.2022 Sonntagsspaziergang<br \/><\/span><strong><span style=\"font-weight: 400;\">und<\/span><br style=\"font-weight: 400;\" \/><span style=\"font-weight: 400;\">Pflanzenretten<\/span><br \/><\/strong><\/p><\/li><li><p><strong>September 2022<br \/><\/strong><a style=\"color: #000000; text-decoration: underline;\" href=\"https:\/\/initiative-fuer-nachbarschaft-und-nachhaltigkeit.de\/wp-admin\/post.php?post=578&amp;action=elementor#pflegeaktion\">24.09.2022 Pflegeaktion<\/a> der Baumscheiben in der Eibergerstra\u00dfe<br \/><a style=\"color: #000000;\" href=\"https:\/\/initiative-fuer-nachbarschaft-und-nachhaltigkeit.de\/?page_id=578#clean\"><strong>und<\/strong><\/a><br \/>18.09.2022 Sonntagsspaziergang in Kooperation mit WalkTalk von Ratsfrau Sonja Gr\u00e4f<br \/><a style=\"color: #000000;\" href=\"https:\/\/initiative-fuer-nachbarschaft-und-nachhaltigkeit.de\/?page_id=578#clean\"><strong>und<\/strong><\/a><br \/>17.09.2022 AG Regionales Essen &#8211; Radtour zu Windrather H\u00f6fen<br \/><a style=\"color: #000000;\" href=\"https:\/\/initiative-fuer-nachbarschaft-und-nachhaltigkeit.de\/?page_id=578#clean\"><strong>und<br \/><\/strong><\/a><span style=\"color: #000000;\"><a style=\"color: #000000;\" href=\"https:\/\/initiative-fuer-nachbarschaft-und-nachhaltigkeit.de\/?page_id=578#clean\"><span style=\"text-decoration: underline;\">10.09.2022 RuhrCleanUp<\/span><\/a><\/span><strong><br \/><\/strong><strong>und<br \/><\/strong><span style=\"color: #000000;\"><span style=\"color: #000000;\">02.09.2022 <\/span><\/span>Infostand zur Er\u00f6ffnung des Kulturlinie 318 Festivals<br \/>und<br \/>Pflanzenretten<\/p><\/li><li><p><strong>August 2022<\/strong><br \/><span style=\"text-decoration: underline;\"><span style=\"color: #000000; text-decoration: underline;\"><a style=\"color: #000000; text-decoration: underline;\" href=\"https:\/\/initiative-fuer-nachbarschaft-und-nachhaltigkeit.de\/?page_id=578#stadtnah1\">27.08.2022 IfNuN-Aktionstag<\/a><\/span><\/span> auf dem Bahnhofsvorplatz am 9. Langen Tag der Stadtnatur mit Rallye und Kaffee und Kuchen <br \/><strong>und<\/strong><br \/>21.08.2022 <span style=\"text-decoration: underline;\"><span style=\"color: #000000; text-decoration: underline;\"><a style=\"color: #000000; text-decoration: underline;\" href=\"https:\/\/initiative-fuer-nachbarschaft-und-nachhaltigkeit.de\/wp-admin\/post.php?post=578&amp;action=elementor#spazier\">Sonntagsspaziergang<\/a><\/span><\/span><br \/><strong>und<\/strong><strong><br \/><\/strong>10.08.2022 <span style=\"text-decoration: underline;\"><span style=\"color: #000000;\"><a style=\"color: #000000; text-decoration: underline;\" href=\"https:\/\/initiative-fuer-nachbarschaft-und-nachhaltigkeit.de\/wp-admin\/post.php?post=578&amp;action=elementor#markt\" target=\"_blank\" rel=\"noopener\">Infostand<\/a><\/span><\/span> auf dem Wochenmarkt in Dahlhausen<br \/><strong>und<br \/><\/strong>Baumgie\u00dfaktionen<br \/>und<br \/>Pflanzenretten<\/p><\/li><li><p><strong>Juli 2022<\/strong><br \/>31.07.2022 <a href=\"https:\/\/initiative-fuer-nachbarschaft-und-nachhaltigkeit.de\/wp-admin\/post.php?post=578&amp;action=elementor#spazier\"><span style=\"text-decoration: underline;\"><span style=\"color: #000000; text-decoration: underline;\">Sonntagsspaziergang<\/span><\/span><\/a><br \/><strong>und<\/strong><br \/>29.07.2022 Jahreshauptversammlung<br \/><strong>und<\/strong><strong><br \/><\/strong>13.06.2022 <span style=\"text-decoration: underline;\"><span style=\"color: #000000;\"><a style=\"color: #000000; text-decoration: underline;\" href=\"https:\/\/initiative-fuer-nachbarschaft-und-nachhaltigkeit.de\/wp-admin\/post.php?post=578&amp;action=elementor#markt\" target=\"_blank\" rel=\"noopener\">Infostand<\/a><\/span><\/span> auf dem Wochenmarkt in Dahlhausen<br \/><strong>und<\/strong><br \/>10.07.2022 <a href=\"https:\/\/initiative-fuer-nachbarschaft-und-nachhaltigkeit.de\/wp-admin\/post.php?post=578&amp;action=elementor#spazier\"><span style=\"text-decoration: underline;\"><span style=\"color: #000000; text-decoration: underline;\">Sonntagsspaziergang<\/span><\/span><\/a><br \/><strong>und<\/strong><br \/>Baumgie\u00dfaktionen<br \/>und<br \/>Pflanzenretten<\/p><\/li><li><p><strong>Juni 2022<\/strong><br \/>08.06.2022 <span style=\"text-decoration: underline;\"><span style=\"color: #000000;\"><a style=\"color: #000000; text-decoration: underline;\" href=\"https:\/\/initiative-fuer-nachbarschaft-und-nachhaltigkeit.de\/wp-admin\/post.php?post=578&amp;action=elementor#spazier\">Sonntagsspaziergang<\/a><\/span><\/span><br \/><strong>und<\/strong><br \/>01.06.2022 AG &#8222;Essen im Mehrweg<br \/><strong>und<\/strong><br \/>viel Sommerpause<br \/>und<br \/>Pflanzenretten<\/p><\/li><li><strong>Mai 2022<\/strong><br \/><a href=\"https:\/\/initiative-fuer-nachbarschaft-und-nachhaltigkeit.de\/?page_id=578#fruehling\"><span style=\"text-decoration: underline;\"><span style=\"color: #000000; text-decoration: underline;\">01.05.2022 1. Dahl\u00b4sener Nachbarschaftsfr\u00fchst\u00fcck<\/span><\/span><\/a><br \/><strong>und<\/strong><br \/>Infostand auf dem Wochenmarkt in Dahlhausen<br \/><strong>und<\/strong><br \/>AG &#8222;Essen im Mehrweg&#8220;<br \/><strong>und<\/strong><br \/>Mitgliederversammlung<br \/><strong>und<br \/><\/strong>\u00dcbergabe 300 \u20ac Spende an die Tafel<br \/>und<br \/>Pflanzenretten<\/li><li><p><strong>April 2022<\/strong><br \/>Infostand auf dem Wochenmarkt in Dahlhausen<br \/><strong>und<\/strong><br \/>AG &#8222;Essen im Mehrweg&#8220;<br \/><strong>und<\/strong><br \/>Sonntagsspaziergang<br \/>und<br \/>Pflanzenretten<\/p><\/li><li><p><strong>M\u00e4rz 2022<\/strong><br \/>Infostand auf dem Wochenmarkt in Dahlhausen<br \/><strong>und<br \/><\/strong>Besuch der KoFabrik<strong><br \/>und<\/strong><br \/>AG &#8222;Essen im Mehrweg&#8220;<br \/><strong>und<\/strong><br \/>Offenes Treffen mit dem Experten f\u00fcr Nahmobilit\u00e4t der Stadt Bochum bei den Naturfreunde Bochum-Linden-Dahlhausen e. V.<br \/><strong>und<\/strong><br \/>Dahl\u00b4sen putzt<br \/><strong>und<\/strong><br \/>Sonntagsspaziergang<\/p><\/li><li><p><strong>Februar 2022<\/strong><br \/>Sechs neue Mitglieder <br \/><strong>und<br \/><\/strong>neue Arbeitsgruppen<strong><br \/>und<\/strong><br \/>Infostand auf dem Wochenmarkt in Dahlhausen<br \/><strong>und<br \/><\/strong>Sonntagsspaziergang<\/p><\/li><li><p><strong>Januar 2022<\/strong><br \/>Infostand auf dem Wochenmarkt in Dahlhausen<br \/><strong>und<\/strong><br \/>Sonntagsspaziergang<\/p><\/li><li><p><strong>Dezember 2021<br \/><\/strong>W\u00fcnschPunschMarkt leider abgesagt<br \/><strong>aber<br \/><\/strong>Infostand auf dem Wochenmarkt in Dahlhausen<\/p><\/li><li><p><strong>November 2021<br \/><\/strong>Marktst\u00e4nde mit F\u00f6rderung des Bochum-Fonds angeschafft<br \/><strong>und<\/strong><br \/>F\u00f6rderung f\u00fcr weihnachtliches Event erhalten<\/p><\/li><li><p><strong>Oktober 2021<br \/><\/strong>Zweites offenes Treffen <strong><br \/>und<\/strong><br \/>Infost\u00e4nde auf dem Wochenmarkt in Dahlhausen<\/p><\/li><li><p><strong>September 2021<br \/><\/strong>&#8222;Langer Tag der Stadtnatur&#8220; mit Rallye und Bastelaktionen<strong><br \/>und<br \/><\/strong>Erstes offenes Treffen<\/p><\/li><li><p><strong>Juni 2021<br \/><\/strong>Infostand auf dem Bahnhofsvorplatz \/ Unterschriftensammlung Radentscheid<\/p><\/li><li><p><strong>Mai 2021<br \/><\/strong>Pflege- und Aussaat-Aktion Baumscheiben<\/p><\/li><li><p><b>Feb. 2021:<br \/><\/b>Webseite online<\/p><\/li><li><p><b>Jan. 2021: <br \/><\/b>Beginn der \u00d6ffentlichkeitsarbeit und Planung erster Aktionen<\/p><\/li><li><p><b>Nov. 2020: <br \/><\/b>Entwurf der Webseite<\/p><\/li><li><p><b style=\"font-style: inherit;\">Okt. 2020:<br \/><\/b><span style=\"font-size: 16px;\">Entwicklung eines Corporate Design<\/span><\/p><\/li><li><p><b>Sep. 2020: <br \/><\/b>F\u00f6rderzusage durch die <span style=\"color: #000000;\">GLS Treuhand<\/span><\/p><\/li><li><p><b>Aug. 2020: <br \/><\/b>Vereinseintragung<\/p><\/li><li><p><b>Juli 2020: <br \/><\/b>Einreichen eines F\u00f6rderantrags bei der <span style=\"color: #000000;\">GLS Treuhand<\/span><br \/>Vereinsgr\u00fcndung<\/p><\/li><li><p><b>Februar 2020: <br \/><\/b>Besichtigung des ersten Ladenlokals<\/p><\/li><li><p><strong>Januar<\/strong> <b>2020: <br \/><\/b>1. informelles Treffen, seitdem regelm\u00e4\u00dfige Treffen<\/p><\/li><\/ul><p><br \/><br \/><\/p>\t\t\t\t\t\t\t\t<\/div>\n\t\t\t\t<\/div>\n\t\t\t\t<div class=\"elementor-element elementor-element-e6747b4 elementor-widget elementor-widget-image\" data-id=\"e6747b4\" data-element_type=\"widget\" data-e-type=\"widget\" data-widget_type=\"image.default\">\n\t\t\t\t<div class=\"elementor-widget-container\">\n\t\t\t\t\t\t\t\t\t\t\t\t\t\t\t<img decoding=\"async\" src=\"https:\/\/initiative-fuer-nachbarschaft-und-nachhaltigkeit.de\/wp-content\/uploads\/2025\/10\/11_25_Termine_S2.jpg\" title=\"\" alt=\"\" loading=\"lazy\" \/>\t\t\t\t\t\t\t\t\t\t\t\t\t\t\t<\/div>\n\t\t\t\t<\/div>\n\t\t\t\t<div class=\"elementor-element elementor-element-f7a180d elementor-widget elementor-widget-image\" data-id=\"f7a180d\" data-element_type=\"widget\" data-e-type=\"widget\" data-widget_type=\"image.default\">\n\t\t\t\t<div class=\"elementor-widget-container\">\n\t\t\t\t\t\t\t\t\t\t\t\t\t\t\t<img decoding=\"async\" src=\"https:\/\/initiative-fuer-nachbarschaft-und-nachhaltigkeit.de\/wp-content\/uploads\/2025\/08\/9_25_Termine_1.jpg\" title=\"\" alt=\"September 1\" loading=\"lazy\" \/>\t\t\t\t\t\t\t\t\t\t\t\t\t\t\t<\/div>\n\t\t\t\t<\/div>\n\t\t\t\t\t<\/div>\n\t\t<\/div>\n\t\t\t\t<div class=\"elementor-column elementor-col-50 elementor-top-column elementor-element elementor-element-41037ab\" data-id=\"41037ab\" data-element_type=\"column\" data-e-type=\"column\">\n\t\t\t<div class=\"elementor-widget-wrap elementor-element-populated\">\n\t\t\t\t\t\t<div class=\"elementor-element elementor-element-97d8c22 elementor-widget elementor-widget-text-editor\" data-id=\"97d8c22\" data-element_type=\"widget\" data-e-type=\"widget\" data-widget_type=\"text-editor.default\">\n\t\t\t\t<div class=\"elementor-widget-container\">\n\t\t\t\t\t\t\t\t\t<p><strong>F\u00f6rderung durch:<\/strong><\/p>\t\t\t\t\t\t\t\t<\/div>\n\t\t\t\t<\/div>\n\t\t\t\t<div class=\"elementor-element elementor-element-b94150c elementor-widget elementor-widget-image\" data-id=\"b94150c\" data-element_type=\"widget\" data-e-type=\"widget\" data-widget_type=\"image.default\">\n\t\t\t\t<div class=\"elementor-widget-container\">\n\t\t\t\t\t\t\t\t\t\t\t\t\t\t\t<img loading=\"lazy\" decoding=\"async\" width=\"1024\" height=\"532\" src=\"https:\/\/initiative-fuer-nachbarschaft-und-nachhaltigkeit.de\/wp-content\/uploads\/2021\/04\/GLS_TH_Standard-mit-Rand-1024x532.jpg\" class=\"attachment-large size-large wp-image-2558\" alt=\"\" srcset=\"https:\/\/initiative-fuer-nachbarschaft-und-nachhaltigkeit.de\/wp-content\/uploads\/2021\/04\/GLS_TH_Standard-mit-Rand-1024x532.jpg 1024w, https:\/\/initiative-fuer-nachbarschaft-und-nachhaltigkeit.de\/wp-content\/uploads\/2021\/04\/GLS_TH_Standard-mit-Rand-300x156.jpg 300w, https:\/\/initiative-fuer-nachbarschaft-und-nachhaltigkeit.de\/wp-content\/uploads\/2021\/04\/GLS_TH_Standard-mit-Rand-768x399.jpg 768w, https:\/\/initiative-fuer-nachbarschaft-und-nachhaltigkeit.de\/wp-content\/uploads\/2021\/04\/GLS_TH_Standard-mit-Rand.jpg 1214w\" sizes=\"(max-width: 1024px) 100vw, 1024px\" \/>\t\t\t\t\t\t\t\t\t\t\t\t\t\t\t<\/div>\n\t\t\t\t<\/div>\n\t\t\t\t<div class=\"elementor-element elementor-element-f6b7055 elementor-widget-divider--view-line elementor-widget elementor-widget-divider\" data-id=\"f6b7055\" data-element_type=\"widget\" data-e-type=\"widget\" data-widget_type=\"divider.default\">\n\t\t\t\t<div class=\"elementor-widget-container\">\n\t\t\t\t\t\t\t<div class=\"elementor-divider\">\n\t\t\t<span class=\"elementor-divider-separator\">\n\t\t\t\t\t\t<\/span>\n\t\t<\/div>\n\t\t\t\t\t\t<\/div>\n\t\t\t\t<\/div>\n\t\t\t\t<div class=\"elementor-element elementor-element-da896bb elementor-widget elementor-widget-image\" data-id=\"da896bb\" data-element_type=\"widget\" data-e-type=\"widget\" data-widget_type=\"image.default\">\n\t\t\t\t<div class=\"elementor-widget-container\">\n\t\t\t\t\t\t\t\t\t\t\t\t\t\t\t<img loading=\"lazy\" decoding=\"async\" width=\"229\" height=\"300\" src=\"https:\/\/initiative-fuer-nachbarschaft-und-nachhaltigkeit.de\/wp-content\/uploads\/2021\/11\/Icon-Bochum-Fonds-gruengelb-229x300.png\" class=\"attachment-medium size-medium wp-image-3408\" alt=\"\" srcset=\"https:\/\/initiative-fuer-nachbarschaft-und-nachhaltigkeit.de\/wp-content\/uploads\/2021\/11\/Icon-Bochum-Fonds-gruengelb-229x300.png 229w, https:\/\/initiative-fuer-nachbarschaft-und-nachhaltigkeit.de\/wp-content\/uploads\/2021\/11\/Icon-Bochum-Fonds-gruengelb-782x1024.png 782w, https:\/\/initiative-fuer-nachbarschaft-und-nachhaltigkeit.de\/wp-content\/uploads\/2021\/11\/Icon-Bochum-Fonds-gruengelb-768x1005.png 768w, https:\/\/initiative-fuer-nachbarschaft-und-nachhaltigkeit.de\/wp-content\/uploads\/2021\/11\/Icon-Bochum-Fonds-gruengelb-1173x1536.png 1173w, https:\/\/initiative-fuer-nachbarschaft-und-nachhaltigkeit.de\/wp-content\/uploads\/2021\/11\/Icon-Bochum-Fonds-gruengelb-1564x2048.png 1564w, https:\/\/initiative-fuer-nachbarschaft-und-nachhaltigkeit.de\/wp-content\/uploads\/2021\/11\/Icon-Bochum-Fonds-gruengelb.png 1753w\" sizes=\"(max-width: 229px) 100vw, 229px\" \/>\t\t\t\t\t\t\t\t\t\t\t\t\t\t\t<\/div>\n\t\t\t\t<\/div>\n\t\t\t\t<div class=\"elementor-element elementor-element-7d1cd38 elementor-widget-divider--view-line elementor-widget elementor-widget-divider\" data-id=\"7d1cd38\" data-element_type=\"widget\" data-e-type=\"widget\" data-widget_type=\"divider.default\">\n\t\t\t\t<div class=\"elementor-widget-container\">\n\t\t\t\t\t\t\t<div class=\"elementor-divider\">\n\t\t\t<span class=\"elementor-divider-separator\">\n\t\t\t\t\t\t<\/span>\n\t\t<\/div>\n\t\t\t\t\t\t<\/div>\n\t\t\t\t<\/div>\n\t\t\t\t<div class=\"elementor-element elementor-element-cb20bf6 elementor-widget elementor-widget-image\" data-id=\"cb20bf6\" data-element_type=\"widget\" data-e-type=\"widget\" data-widget_type=\"image.default\">\n\t\t\t\t<div class=\"elementor-widget-container\">\n\t\t\t\t\t\t\t\t\t\t\t\t\t\t\t<img loading=\"lazy\" decoding=\"async\" width=\"300\" height=\"212\" src=\"https:\/\/initiative-fuer-nachbarschaft-und-nachhaltigkeit.de\/wp-content\/uploads\/2021\/11\/Strategiesiegel_Stempeloptik_schwarz-300x212.jpg\" class=\"attachment-medium size-medium wp-image-3407\" alt=\"\" srcset=\"https:\/\/initiative-fuer-nachbarschaft-und-nachhaltigkeit.de\/wp-content\/uploads\/2021\/11\/Strategiesiegel_Stempeloptik_schwarz-300x212.jpg 300w, https:\/\/initiative-fuer-nachbarschaft-und-nachhaltigkeit.de\/wp-content\/uploads\/2021\/11\/Strategiesiegel_Stempeloptik_schwarz-1024x724.jpg 1024w, https:\/\/initiative-fuer-nachbarschaft-und-nachhaltigkeit.de\/wp-content\/uploads\/2021\/11\/Strategiesiegel_Stempeloptik_schwarz-768x543.jpg 768w, https:\/\/initiative-fuer-nachbarschaft-und-nachhaltigkeit.de\/wp-content\/uploads\/2021\/11\/Strategiesiegel_Stempeloptik_schwarz-1536x1085.jpg 1536w, https:\/\/initiative-fuer-nachbarschaft-und-nachhaltigkeit.de\/wp-content\/uploads\/2021\/11\/Strategiesiegel_Stempeloptik_schwarz.jpg 1772w\" sizes=\"(max-width: 300px) 100vw, 300px\" \/>\t\t\t\t\t\t\t\t\t\t\t\t\t\t\t<\/div>\n\t\t\t\t<\/div>\n\t\t\t\t<div class=\"elementor-element elementor-element-f0eefae elementor-widget-divider--view-line elementor-widget elementor-widget-divider\" data-id=\"f0eefae\" data-element_type=\"widget\" data-e-type=\"widget\" data-widget_type=\"divider.default\">\n\t\t\t\t<div class=\"elementor-widget-container\">\n\t\t\t\t\t\t\t<div class=\"elementor-divider\">\n\t\t\t<span class=\"elementor-divider-separator\">\n\t\t\t\t\t\t<\/span>\n\t\t<\/div>\n\t\t\t\t\t\t<\/div>\n\t\t\t\t<\/div>\n\t\t\t\t<div class=\"elementor-element elementor-element-6bb9879 elementor-widget elementor-widget-image\" data-id=\"6bb9879\" data-element_type=\"widget\" data-e-type=\"widget\" data-widget_type=\"image.default\">\n\t\t\t\t<div class=\"elementor-widget-container\">\n\t\t\t\t\t\t\t\t\t\t\t\t\t\t\t<img loading=\"lazy\" decoding=\"async\" width=\"300\" height=\"169\" src=\"https:\/\/initiative-fuer-nachbarschaft-und-nachhaltigkeit.de\/wp-content\/uploads\/2022\/10\/2.000x1.000_euro_fuer_das_engagement-300x169.jpg\" class=\"attachment-medium size-medium wp-image-4233\" alt=\"\" srcset=\"https:\/\/initiative-fuer-nachbarschaft-und-nachhaltigkeit.de\/wp-content\/uploads\/2022\/10\/2.000x1.000_euro_fuer_das_engagement-300x169.jpg 300w, https:\/\/initiative-fuer-nachbarschaft-und-nachhaltigkeit.de\/wp-content\/uploads\/2022\/10\/2.000x1.000_euro_fuer_das_engagement-1024x576.jpg 1024w, https:\/\/initiative-fuer-nachbarschaft-und-nachhaltigkeit.de\/wp-content\/uploads\/2022\/10\/2.000x1.000_euro_fuer_das_engagement-768x432.jpg 768w, https:\/\/initiative-fuer-nachbarschaft-und-nachhaltigkeit.de\/wp-content\/uploads\/2022\/10\/2.000x1.000_euro_fuer_das_engagement.jpg 1280w\" sizes=\"(max-width: 300px) 100vw, 300px\" \/>\t\t\t\t\t\t\t\t\t\t\t\t\t\t\t<\/div>\n\t\t\t\t<\/div>\n\t\t\t\t<div class=\"elementor-element elementor-element-f066fbe elementor-widget-divider--view-line elementor-widget elementor-widget-divider\" data-id=\"f066fbe\" data-element_type=\"widget\" data-e-type=\"widget\" data-widget_type=\"divider.default\">\n\t\t\t\t<div class=\"elementor-widget-container\">\n\t\t\t\t\t\t\t<div class=\"elementor-divider\">\n\t\t\t<span class=\"elementor-divider-separator\">\n\t\t\t\t\t\t<\/span>\n\t\t<\/div>\n\t\t\t\t\t\t<\/div>\n\t\t\t\t<\/div>\n\t\t\t\t\t<\/div>\n\t\t<\/div>\n\t\t\t\t\t<\/div>\n\t\t<\/section>\n\t\t\t\t<section class=\"elementor-section elementor-top-section elementor-element elementor-element-fa3ba8e elementor-section-boxed elementor-section-height-default elementor-section-height-default\" data-id=\"fa3ba8e\" data-element_type=\"section\" data-e-type=\"section\">\n\t\t\t\t\t\t<div class=\"elementor-container elementor-column-gap-default\">\n\t\t\t\t\t<div class=\"elementor-column elementor-col-100 elementor-top-column elementor-element elementor-element-baa6d1e\" data-id=\"baa6d1e\" data-element_type=\"column\" data-e-type=\"column\">\n\t\t\t<div class=\"elementor-widget-wrap elementor-element-populated\">\n\t\t\t\t\t\t<div class=\"elementor-element elementor-element-872627a elementor-widget-divider--view-line elementor-widget elementor-widget-divider\" data-id=\"872627a\" data-element_type=\"widget\" data-e-type=\"widget\" data-widget_type=\"divider.default\">\n\t\t\t\t<div class=\"elementor-widget-container\">\n\t\t\t\t\t\t\t<div class=\"elementor-divider\">\n\t\t\t<span class=\"elementor-divider-separator\">\n\t\t\t\t\t\t<\/span>\n\t\t<\/div>\n\t\t\t\t\t\t<\/div>\n\t\t\t\t<\/div>\n\t\t\t\t\t<\/div>\n\t\t<\/div>\n\t\t\t\t\t<\/div>\n\t\t<\/section>\n\t\t\t\t<\/div>\n\t\t","protected":false},"excerpt":{"rendered":"<p>Regelm\u00e4\u00dfig offener FREIRAUM montags von 10.30 bis 12 Uhr \/ nettes Zusammensein donnerstags von 18 bis 21 Uhr \/ verschiedene Themen &#8211; siehe unten samstags von 10 bis 13 Uhr mit gemeinsamem Mitbring-Fr\u00fchst\u00fcck Kommt herein zum netten Plausch und Kennenlernen bei Tee, Kaffee und Kaltgetr\u00e4nken. Bringt Freunde, Freundinnen, Nachbarinnen und Nachbarn mit.Gern k\u00f6nnt ihr euch [&hellip;]<\/p>\n","protected":false},"author":3,"featured_media":0,"parent":0,"menu_order":0,"comment_status":"closed","ping_status":"closed","template":"","meta":{"site-sidebar-layout":"no-sidebar","site-content-layout":"page-builder","ast-site-content-layout":"full-width-container","site-content-style":"unboxed","site-sidebar-style":"unboxed","ast-global-header-display":"","ast-banner-title-visibility":"","ast-main-header-display":"","ast-hfb-above-header-display":"","ast-hfb-below-header-display":"","ast-hfb-mobile-header-display":"","site-post-title":"disabled","ast-breadcrumbs-content":"","ast-featured-img":"disabled","footer-sml-layout":"","ast-disable-related-posts":"","theme-transparent-header-meta":"default","adv-header-id-meta":"","stick-header-meta":"","header-above-stick-meta":"","header-main-stick-meta":"","header-below-stick-meta":"","astra-migrate-meta-layouts":"set","ast-page-background-enabled":"default","ast-page-background-meta":{"desktop":{"background-color":"","background-image":"","background-repeat":"repeat","background-position":"center center","background-size":"auto","background-attachment":"scroll","background-type":"","background-media":"","overlay-type":"","overlay-color":"","overlay-opacity":"","overlay-gradient":""},"tablet":{"background-color":"","background-image":"","background-repeat":"repeat","background-position":"center center","background-size":"auto","background-attachment":"scroll","background-type":"","background-media":"","overlay-type":"","overlay-color":"","overlay-opacity":"","overlay-gradient":""},"mobile":{"background-color":"","background-image":"","background-repeat":"repeat","background-position":"center center","background-size":"auto","background-attachment":"scroll","background-type":"","background-media":"","overlay-type":"","overlay-color":"","overlay-opacity":"","overlay-gradient":""}},"ast-content-background-meta":{"desktop":{"background-color":"var(--ast-global-color-5)","background-image":"","background-repeat":"repeat","background-position":"center center","background-size":"auto","background-attachment":"scroll","background-type":"","background-media":"","overlay-type":"","overlay-color":"","overlay-opacity":"","overlay-gradient":""},"tablet":{"background-color":"var(--ast-global-color-5)","background-image":"","background-repeat":"repeat","background-position":"center center","background-size":"auto","background-attachment":"scroll","background-type":"","background-media":"","overlay-type":"","overlay-color":"","overlay-opacity":"","overlay-gradient":""},"mobile":{"background-color":"var(--ast-global-color-5)","background-image":"","background-repeat":"repeat","background-position":"center center","background-size":"auto","background-attachment":"scroll","background-type":"","background-media":"","overlay-type":"","overlay-color":"","overlay-opacity":"","overlay-gradient":""}},"footnotes":""},"class_list":["post-11271","page","type-page","status-publish","hentry"],"_links":{"self":[{"href":"https:\/\/initiative-fuer-nachbarschaft-und-nachhaltigkeit.de\/index.php?rest_route=\/wp\/v2\/pages\/11271","targetHints":{"allow":["GET"]}}],"collection":[{"href":"https:\/\/initiative-fuer-nachbarschaft-und-nachhaltigkeit.de\/index.php?rest_route=\/wp\/v2\/pages"}],"about":[{"href":"https:\/\/initiative-fuer-nachbarschaft-und-nachhaltigkeit.de\/index.php?rest_route=\/wp\/v2\/types\/page"}],"author":[{"embeddable":true,"href":"https:\/\/initiative-fuer-nachbarschaft-und-nachhaltigkeit.de\/index.php?rest_route=\/wp\/v2\/users\/3"}],"replies":[{"embeddable":true,"href":"https:\/\/initiative-fuer-nachbarschaft-und-nachhaltigkeit.de\/index.php?rest_route=%2Fwp%2Fv2%2Fcomments&post=11271"}],"version-history":[{"count":328,"href":"https:\/\/initiative-fuer-nachbarschaft-und-nachhaltigkeit.de\/index.php?rest_route=\/wp\/v2\/pages\/11271\/revisions"}],"predecessor-version":[{"id":12257,"href":"https:\/\/initiative-fuer-nachbarschaft-und-nachhaltigkeit.de\/index.php?rest_route=\/wp\/v2\/pages\/11271\/revisions\/12257"}],"wp:attachment":[{"href":"https:\/\/initiative-fuer-nachbarschaft-und-nachhaltigkeit.de\/index.php?rest_route=%2Fwp%2Fv2%2Fmedia&parent=11271"}],"curies":[{"name":"wp","href":"https:\/\/api.w.org\/{rel}","templated":true}]}}